{"id":5633,"date":"2022-10-28T11:29:26","date_gmt":"2022-10-28T09:29:26","guid":{"rendered":"https:\/\/www.educazionedigitale.it\/a2apcto\/?page_id=5633"},"modified":"2025-11-18T10:51:47","modified_gmt":"2025-11-18T09:51:47","slug":"homepage","status":"publish","type":"page","link":"https:\/\/www.educazionedigitale.it\/a2apcto\/","title":{"rendered":"Homepage"},"content":{"rendered":"\t<div id=\"gap-491164295\" class=\"gap-element clearfix\" style=\"display:block; height:auto;\">\n\t\t\n<style>\n#gap-491164295 {\n  padding-top: 56px;\n}\n@media (min-width:550px) {\n  #gap-491164295 {\n    padding-top: 76px;\n  }\n}\n@media (min-width:850px) {\n  #gap-491164295 {\n    padding-top: 102px;\n  }\n}\n<\/style>\n\t<\/div>\n\t\n\n  <div class=\"banner has-hover banner-home\" id=\"banner-50697629\">\n          <div class=\"banner-inner fill\">\n        <div class=\"banner-bg fill\" >\n            <img loading=\"lazy\" decoding=\"async\" width=\"1920\" height=\"501\" src=\"https:\/\/www.educazionedigitale.it\/a2apcto\/wp-content\/uploads\/2022\/01\/bannernew2.png\" class=\"bg attachment-original size-original\" alt=\"\" \/>                                    \n                    <\/div>\n\t\t\n        <div class=\"banner-layers container\">\n            <div class=\"fill banner-link\"><\/div>            \n   <div id=\"text-box-1319338500\" class=\"text-box banner-layer x5 md-x5 lg-x0 y85 md-y85 lg-y85 res-text\">\n                     <div data-animate=\"fadeInLeft\">           <div class=\"text-box-content text \">\n              \n              <div class=\"text-inner text-right\">\n                  \n\t<div id=\"text-1446796315\" class=\"text\">\n\t\t\n<p style=\"font-weight: 900; margin-bottom: -20px; font-size: 120%; margin-top: 0px;\">Gruppo A2A:<\/p>\n\t\t\n<style>\n#text-1446796315 {\n  font-size: 2.2rem;\n  text-align: left;\n  color: rgb(255,255,255);\n}\n#text-1446796315 > * {\n  color: rgb(255,255,255);\n}\n@media (min-width:550px) {\n  #text-1446796315 {\n    font-size: 3.9rem;\n  }\n}\n<\/style>\n\t<\/div>\n\t\n\t<div id=\"text-2781429261\" class=\"text\">\n\t\t\n<p style=\"font-weight: 500; margin-bottom: 0px; margin-top: 0px; line-height: 1.4;\">viaggio nel mondo<br \/>\ndella transizione energetica<br \/>\ne dell\u2019economia circolare<\/p>\n\t\t\n<style>\n#text-2781429261 {\n  font-size: 1.2rem;\n  line-height: 1.9;\n  text-align: left;\n  color: rgb(255,255,255);\n}\n#text-2781429261 > * {\n  color: rgb(255,255,255);\n}\n@media (min-width:550px) {\n  #text-2781429261 {\n    font-size: 2.2rem;\n  }\n}\n<\/style>\n\t<\/div>\n\t\n              <\/div>\n           <\/div>\n       <\/div>                     \n<style>\n#text-box-1319338500 {\n  width: 81%;\n}\n#text-box-1319338500 .text-box-content {\n  font-size: 139%;\n}\n@media (min-width:550px) {\n  #text-box-1319338500 {\n    width: 61%;\n  }\n}\n@media (min-width:850px) {\n  #text-box-1319338500 {\n    width: 50%;\n  }\n}\n<\/style>\n    <\/div>\n \n        <\/div>\n      <\/div>\n\n            \n<style>\n#banner-50697629 {\n  padding-top: 310px;\n}\n#banner-50697629 .banner-bg img {\n  object-position: 26% 0%;\n}\n@media (min-width:550px) {\n  #banner-50697629 {\n    padding-top: 500px;\n  }\n}\n<\/style>\n  <\/div>\n\n\n\n\t<section class=\"section\" id=\"section_2097284815\">\n\t\t<div class=\"section-bg fill\" >\n\t\t\t\t\t\t\t\t\t\n\t\t\t\n\n\t\t<\/div>\n\n\t\t\n\n\t\t<div class=\"section-content relative\">\n\t\t\t\n\t<div id=\"gap-1936617252\" class=\"gap-element clearfix\" style=\"display:block; height:auto;\">\n\t\t\n<style>\n#gap-1936617252 {\n  padding-top: 30px;\n}\n<\/style>\n\t<\/div>\n\t\n<div class=\"row\"  id=\"row-1821948235\">\n\n\t<div id=\"col-2024153440\" class=\"col medium-8 large-8\"  >\n\t\t\t\t<div class=\"col-inner text-right\"  >\n\t\t\t\n\t\t\t\n\t<div id=\"gap-315730879\" class=\"gap-element clearfix\" style=\"display:block; height:auto;\">\n\t\t\n<style>\n#gap-315730879 {\n  padding-top: 20px;\n}\n<\/style>\n\t<\/div>\n\t\n\t<div id=\"text-2205941643\" class=\"text\">\n\t\t\n<h1 style=\"font-size:167%; color: #013a68; font-weight: 300\">Scopri i contenuti e le skills maturabili con questo FSL<\/h1>\n\t\t\n<style>\n#text-2205941643 {\n  text-align: left;\n}\n<\/style>\n\t<\/div>\n\t\n\t<div class=\"box has-hover   has-hover box-overlay dark box-text-middle\" >\n\n\t\t<div class=\"box-image\" >\n\t\t\t<a href=\"https:\/\/www.educazionedigitale.it\/a2apcto\/wp-content\/uploads\/2024\/10\/Video-Scheda-A2a.mp4\" target=\"_blank\" rel=\"noopener\" >\t\t\t<div class=\"image-blur image-cover\" style=\"padding-top:56.25%;\">\n\t\t\t\t<img loading=\"lazy\" decoding=\"async\" width=\"1920\" height=\"1080\" src=\"https:\/\/www.educazionedigitale.it\/a2apcto\/wp-content\/uploads\/2024\/10\/Screenshot-2024-10-22-084231.png\" class=\"attachment- size-\" alt=\"\" srcset=\"https:\/\/www.educazionedigitale.it\/a2apcto\/wp-content\/uploads\/2024\/10\/Screenshot-2024-10-22-084231.png 1920w, https:\/\/www.educazionedigitale.it\/a2apcto\/wp-content\/uploads\/2024\/10\/Screenshot-2024-10-22-084231-768x432.png 768w, https:\/\/www.educazionedigitale.it\/a2apcto\/wp-content\/uploads\/2024\/10\/Screenshot-2024-10-22-084231-1536x864.png 1536w\" sizes=\"auto, (max-width: 1920px) 100vw, 1920px\" \/>\t\t\t\t<div class=\"overlay\" style=\"background-color:rgba(11, 154, 236, 0.616)\"><\/div>\t\t\t\t\t\t\t<\/div>\n\t\t\t<\/a>\t\t<\/div>\n\n\t\t<div class=\"box-text text-center\" >\n\t\t\t<div class=\"box-text-inner\">\n\t\t\t\t\n\t<div class=\"img has-hover x md-x lg-x y md-y lg-y\" id=\"image_188304186\">\n\t\t<a class=\"\" href=\"https:\/\/www.educazionedigitale.it\/a2apcto\/wp-content\/uploads\/2024\/10\/Video-Scheda-A2a.mp4\" target=\"_blank\" rel=\"noopener\" >\t\t\t\t\t\t<div class=\"img-inner dark\" style=\"margin:10px 0px -10px 0px;\">\n\t\t\t<img loading=\"lazy\" decoding=\"async\" width=\"329\" height=\"329\" src=\"https:\/\/www.educazionedigitale.it\/a2apcto\/wp-content\/uploads\/2024\/10\/Play-Button-copy.png\" class=\"attachment-original size-original\" alt=\"\" \/>\t\t\t\t\t\t\n\t\t\t\t\t<\/div>\n\t\t\t\t\t\t<\/a>\t\t\n<style>\n#image_188304186 {\n  width: 33%;\n}\n<\/style>\n\t<\/div>\n\t\n<h1 style=\"color:white !important; font-size:170%\">Guarda il video<\/h1>\n\t\t\t<\/div>\n\t\t<\/div>\n\t<\/div>\n\t\n\t<div id=\"gap-1835001034\" class=\"gap-element clearfix\" style=\"display:block; height:auto;\">\n\t\t\n<style>\n#gap-1835001034 {\n  padding-top: 25px;\n}\n<\/style>\n\t<\/div>\n\t\n\t<div id=\"text-2250402906\" class=\"text\">\n\t\t\n<p style=\"font-size: 30px; margin-bottom: 10px; font-weight: 00; color: #013a68; text-align: left;\">L&#8217;iniziativa formativa<\/p>\n<p><img decoding=\"async\" style=\"float: right; margin-top: -55px; margin-right: -15px; margin-left: 15px;\" src=\"https:\/\/www.educazionedigitale.it\/a2apcto\/wp-content\/uploads\/2022\/01\/progettogratuitonov.png\" width=\"100px\" \/><\/p>\n<p style=\"text-align: justify; margin-bottom: 30px;\">\u201cGruppo A2A: viaggio nel mondo della transizione energetica e dell\u2019economia circolare\u201d si inscrive all\u2019interno delle iniziative formative e di sensibilizzazione proposte da <em>A2A<\/em>, life company che oltre a gestire a livello nazionale la generazione, la vendita e la distribuzione di energia, il teleriscaldamento, la raccolta e il recupero dei rifiuti, la mobilit\u00e0 elettrica e i servizi smart per le citt\u00e0, l\u2019illuminazione pubblica e il servizio idrico integrato, investe nella creazione di una <strong>cultura della sostenibilit\u00e0<\/strong>.<\/p>\n<p style=\"text-align: justify; margin-bottom: 10px;\">La <strong>divulgazione sui temi dell\u2019innovazione<\/strong> \u00e8, infatti, centrale nelle attivit\u00e0 progettuali che mirano a contribuire ad un <strong>futuro pi\u00f9 sostenibile, accessibile e inclusivo<\/strong>, avvicinando le nuove generazioni ai temi e ai contenuti specialistici relativi all\u2019<strong>energia rinnovabile<\/strong> e all\u2019<strong>economia circolare<\/strong>, settori in rapida espansione nel panorama lavorativo e fondamentali per la tutela ambientale.<\/p>\n<div class=\"cta\" style=\"text-transform: uppercase; margin-top:40px !important\"><a style=\"color: #0b9aec;\" href=\"https:\/\/www.educazionedigitale.it\/a2apcto\/il-percorso\/\"><img decoding=\"async\" style=\"width: 45px; margin-right: 10px;\" src=\"https:\/\/www.educazionedigitale.it\/a2apcto\/wp-content\/uploads\/2022\/11\/right-arrow-copia.png\" \/> SCOPRI DI PI\u00f9<\/a><\/div>\n\t\t\n<style>\n#text-2250402906 {\n  text-align: left;\n}\n<\/style>\n\t<\/div>\n\t\n\t<div id=\"gap-1599225113\" class=\"gap-element clearfix\" style=\"display:block; height:auto;\">\n\t\t\n<style>\n#gap-1599225113 {\n  padding-top: 50px;\n}\n<\/style>\n\t<\/div>\n\t\n\t<div id=\"gap-1790080412\" class=\"gap-element clearfix\" style=\"display:block; height:auto;\">\n\t\t\n<style>\n#gap-1790080412 {\n  padding-top: 5px;\n}\n<\/style>\n\t<\/div>\n\t\n\t<div id=\"gap-2052706828\" class=\"gap-element clearfix\" style=\"display:block; height:auto;\">\n\t\t\n<style>\n#gap-2052706828 {\n  padding-top: 5px;\n}\n<\/style>\n\t<\/div>\n\t\n\t\t<\/div>\n\t\t\t\t\t<\/div>\n\n\t\n\n\t<div id=\"col-636602456\" class=\"col medium-4 large-4\"  >\n\t\t\t\t<div class=\"col-inner text-right\"  >\n\t\t\t\n\t\t\t\n\t<div id=\"gap-1392918867\" class=\"gap-element clearfix\" style=\"display:block; height:auto;\">\n\t\t\n<style>\n#gap-1392918867 {\n  padding-top: 43px;\n}\n<\/style>\n\t<\/div>\n\t\n<div class=\"invita-box\" style=\"width: 100%; height: auto; background-color: #0b9aec; text-align: center; padding: 7px; margin-top: 25px;\">\n<div style=\"font-size: 25px; margin-top: 68px; margin-bottom: 40px; color: white; line-height: 1.5;\">Invita un\/una collega<br \/>\na partecipare<br \/>\nall&#8217;iniziativa.<br \/>\nManda il tuo invito!<\/div>\n<div style=\"text-align: center; margin-bottom: 57px;\"><a href=\"#invita\"><img decoding=\"async\" class=\"strumento-zoom\" src=\"https:\/\/www.educazionedigitale.it\/a2apcto\/wp-content\/uploads\/2022\/01\/mailapcto.png\" width=\"60\" \/><\/a>\u00a0\u00a0<a href=\"https:\/\/www.facebook.com\/sharer\/sharer.php?u=https:\/\/www.educazionedigitale.it\/storiesostenibili\/registrazione\" target=\"_blank\" rel=\"noopener noreferrer\"><img decoding=\"async\" class=\"strumento-zoom\" src=\"https:\/\/www.educazionedigitale.it\/a2apcto\/wp-content\/uploads\/2022\/01\/facebookapcto.png\" width=\"60\" \/><\/a>\u00a0\u00a0<a href=\"https:\/\/twitter.com\/intent\/tweet?url=https:\/\/www.educazionedigitale.it\/storiesostenibili\/registrazione&amp;text=Registrati su EducazioneDigitale.it\" target=\"_blank\" rel=\"noopener noreferrer\"><img decoding=\"async\" class=\"strumento-zoom\" src=\"https:\/\/www.educazionedigitale.it\/a2apcto\/wp-content\/uploads\/2022\/01\/twitterapcto.png\" width=\"60\" \/><\/a>\u00a0\u00a0<a href=\"https:\/\/api.whatsapp.com\/send?text=https:\/\/www.educazionedigitale.it\/storiesostenibili\/registrazione\" target=\"_blank\" rel=\"noopener noreferrer\"><img decoding=\"async\" class=\"strumento-zoom\" src=\"https:\/\/www.educazionedigitale.it\/a2apcto\/wp-content\/uploads\/2022\/01\/whatsappapcto.png\" width=\"60\" \/><\/a><\/div>\n<\/div>\n\t<div id=\"gap-643119818\" class=\"gap-element clearfix\" style=\"display:block; height:auto;\">\n\t\t\n<style>\n#gap-643119818 {\n  padding-top: 30px;\n}\n<\/style>\n\t<\/div>\n\t\n<p style=\"font-size: 30px; margin-bottom: 10px; font-weight: 00; color: #013a68; text-align: left;\">Le fasi del FSL<\/p>\n\t<div id=\"gap-1807103180\" class=\"gap-element clearfix\" style=\"display:block; height:auto;\">\n\t\t\n<style>\n#gap-1807103180 {\n  padding-top: 7px;\n}\n<\/style>\n\t<\/div>\n\t\n<p style=\"text-align: justify; line-height: 1.6;\"><a href=\"https:\/\/www.educazionedigitale.it\/a2apcto\/moduli-formativi\/\"><img decoding=\"async\" class=\"size-full wp-image-585 alignleft strumento-zoom\" style=\"width: 60px; height: 140px; float: left; margin-right: 30px; margin-top: 8px;\" src=\"https:\/\/www.educazionedigitale.it\/a2apcto\/wp-content\/uploads\/2022\/10\/ic1-copia.png\" \/> <strong><span style=\"color: #013a68;\">Formazione in e-learning<\/span><\/strong><\/a><br \/>\n<span style=\"font-size: 95%;\">Un <strong>percorso multimediale<\/strong> che verte sulle tematiche di sostenibilit\u00e0 ambientale e approfondisce le <strong>innovazioni delle energie rinnovabili<\/strong> e le <strong>competenze specialistiche<\/strong> necessarie per le professioni del settore.<\/span><\/p>\n<p style=\"text-align: justify; line-height: 1.6;\"><a href=\"https:\/\/www.educazionedigitale.it\/a2apcto\/moduli-formativi\/\"><img decoding=\"async\" class=\"size-full wp-image-592 strumento-zoom\" style=\"width: 60px; float: left; margin-right: 30px; margin-top: 8px;\" src=\"https:\/\/www.educazionedigitale.it\/a2apcto\/wp-content\/uploads\/2022\/10\/ic2-copia.png\" \/> <strong><span style=\"color: #013a68;\">Project Work<\/span><\/strong><\/a><br \/>\n<span style=\"font-size: 95%;\">Una <strong>fase operativa<\/strong> che porter\u00e0 ogni studente a riflettere sui temi dell\u2019e-learning e realizzare un <strong>elevator pitch<\/strong>, nel quale far emergere le competenze acquisite e caratteristiche personali, indispensabili per lavorare nell\u2019ambito delle energie rinnovabili.<\/span><\/p>\n<div class=\"cta\" style=\"text-transform: uppercase;\"><a style=\"color: #0b9aec;\" href=\"https:\/\/www.educazionedigitale.it\/a2apcto\/moduli-formativi\/\"><img decoding=\"async\" style=\"width: 45px; margin-right: 10px;\" src=\"https:\/\/www.educazionedigitale.it\/a2apcto\/wp-content\/uploads\/2022\/11\/right-arrow-copia.png\" \/> vai alle fasi<\/a><\/div>\n\t\t<\/div>\n\t\t\t\t\t<\/div>\n\n\t\n<\/div>\n<div class=\"row\"  id=\"row-402247260\">\n\n\t<div id=\"col-2123575732\" class=\"col small-12 large-12\"  >\n\t\t\t\t<div class=\"col-inner\"  >\n\t\t\t\n\t\t\t\n<div style=\"background: #eef3f7; padding: 20px;\">\n<p style=\"text-align: center; margin-bottom: 10px; margin-top: 30px; color: #013a68;\"><span style=\"letter-spacing: 0px; font-size: 130%;\"><strong>Gruppo A2A:<br \/>Viaggio nel mondo della transizione energetica<br \/>e dell\u2019economia circolare<\/strong><\/span><br \/>certifica a coloro che completeranno i moduli formativi<br \/><span style=\"font-size: 130%;\"><span style=\"color: #013a68;\"><strong style=\"letter-spacing: 2px;\">40 ORE<\/strong><\/span> di <strong style=\"letter-spacing: 2px;\">FSL<\/strong><\/span>,<br \/><strong>previa validazione dell\u2019output finale da parte del docente.<\/strong><\/p>\n<p style=\"text-align: center; margin-bottom: 10px; color: #013a68; margin-top: 40px;\"><em>Per iscrivere le classi \u00e8 necessario che i docenti si registrino, facciano il login e clicchino su GESTIONE CLASSI.<br \/><\/em><\/p>\n<p style=\"text-align: center; margin-bottom: 50px; margin-top: 40px; font-size: 100%; color: #013a68;\"><strong>L\u2019iscrizione delle classi deve avvenire <u>dal 18 Novembre 2025 al 30 Giugno 2026<\/u>,<br \/>mentre <u>il percorso formativo deve essere completato entro il 7 Luglio 2026<\/u>.<\/strong><\/p>\n<\/div>\n\t\t<\/div>\n\t\t\t\t\t<\/div>\n\n\t\n<\/div>\n\t\t<\/div>\n\n\t\t\n<style>\n#section_2097284815 {\n  padding-top: 0;\n  padding-bottom: 0;\n  margin-bottom: 0px;\n}\n<\/style>\n\t<\/section>\n\t\n\t<div id=\"gap-888362817\" class=\"gap-element clearfix\" style=\"display:block; height:auto;\">\n\t\t\n<style>\n#gap-888362817 {\n  padding-top: 60px;\n}\n<\/style>\n\t<\/div>\n\t\n\n\t<section class=\"section\" id=\"section_2101075683\">\n\t\t<div class=\"section-bg fill\" >\n\t\t\t\t\t\t\t\t\t\n\t\t\t\n\n\t\t<\/div>\n\n\t\t\n\n\t\t<div class=\"section-content relative\">\n\t\t\t\n<div style=\"text-align: center; margin: 0 auto; margin-bottom: -40px;\">\n<p style=\"color: #fff;\">Scopri tutti i progetti della piattaforma didattica Educazione Digitale<\/p>\n<p><a href=\"http:\/\/www.educazionedigitale.it\" target=\"_blank\" rel=\"noopener noreferrer\"><img loading=\"lazy\" decoding=\"async\" class=\"alignnone size-full wp-image-1169\" src=\"http:\/\/www.educazionedigitale.it\/didattica-english\/wp-content\/uploads\/2015\/03\/Educazione-digitale.png\" alt=\"Educazione Digitale\" width=\"220\" height=\"67\" \/><\/a><\/p>\n<\/div>\n\t\t<\/div>\n\n\t\t\n<style>\n#section_2101075683 {\n  padding-top: 0;\n  padding-bottom: 0;\n  margin-bottom: 0px;\n  background-color: #4e4e4e;\n}\n<\/style>\n\t<\/section>\n\t\n\t<div id=\"non-attivo\"\n\t     class=\"lightbox-by-id lightbox-content mfp-hide lightbox-white \"\n\t     style=\"max-width:300px ;padding:20px\">\n\t\t\n<h3 style=\"text-align: center;\">Link NON ATTIVO<\/h3>\n\t<\/div>\n\t\n\t\n","protected":false},"excerpt":{"rendered":"","protected":false},"author":6,"featured_media":0,"parent":0,"menu_order":0,"comment_status":"closed","ping_status":"closed","template":"page-blank.php","meta":{"_monsterinsights_skip_tracking":false,"_monsterinsights_sitenote_active":false,"_monsterinsights_sitenote_note":"","_monsterinsights_sitenote_category":0,"footnotes":""},"class_list":["post-5633","page","type-page","status-publish","hentry"],"_links":{"self":[{"href":"https:\/\/www.educazionedigitale.it\/a2apcto\/wp-json\/wp\/v2\/pages\/5633","targetHints":{"allow":["GET"]}}],"collection":[{"href":"https:\/\/www.educazionedigitale.it\/a2apcto\/wp-json\/wp\/v2\/pages"}],"about":[{"href":"https:\/\/www.educazionedigitale.it\/a2apcto\/wp-json\/wp\/v2\/types\/page"}],"author":[{"embeddable":true,"href":"https:\/\/www.educazionedigitale.it\/a2apcto\/wp-json\/wp\/v2\/users\/6"}],"replies":[{"embeddable":true,"href":"https:\/\/www.educazionedigitale.it\/a2apcto\/wp-json\/wp\/v2\/comments?post=5633"}],"version-history":[{"count":3,"href":"https:\/\/www.educazionedigitale.it\/a2apcto\/wp-json\/wp\/v2\/pages\/5633\/revisions"}],"predecessor-version":[{"id":5970,"href":"https:\/\/www.educazionedigitale.it\/a2apcto\/wp-json\/wp\/v2\/pages\/5633\/revisions\/5970"}],"wp:attachment":[{"href":"https:\/\/www.educazionedigitale.it\/a2apcto\/wp-json\/wp\/v2\/media?parent=5633"}],"curies":[{"name":"wp","href":"https:\/\/api.w.org\/{rel}","templated":true}]}}