{"id":6369,"date":"2024-12-16T15:18:55","date_gmt":"2024-12-16T14:18:55","guid":{"rendered":"https:\/\/www.educazionedigitale.it\/passepartout\/?page_id=6369"},"modified":"2025-12-02T13:04:23","modified_gmt":"2025-12-02T12:04:23","slug":"il-progetto","status":"publish","type":"page","link":"https:\/\/www.educazionedigitale.it\/passepartout\/il-progetto\/","title":{"rendered":"Il Progetto"},"content":{"rendered":"\n\t<section class=\"section\" id=\"section_2069712992\">\n\t\t<div class=\"section-bg fill\" >\n\t\t\t\t\t\t\t\t\t\n\t\t\t\n\n\t\t<\/div>\n\n\t\t\n\n\t\t<div class=\"section-content relative\">\n\t\t\t\n\n  <div class=\"banner has-hover\" id=\"banner-1080332367\">\n          <div class=\"banner-inner fill\">\n        <div class=\"banner-bg fill\" >\n            <img loading=\"lazy\" decoding=\"async\" width=\"1920\" height=\"737\" src=\"https:\/\/www.educazionedigitale.it\/passepartout\/wp-content\/uploads\/2025\/12\/16247-copia.jpg\" class=\"bg attachment-original size-original\" alt=\"\" \/>                        <div class=\"overlay\"><\/div>            \n                    <\/div>\n\t\t\n        <div class=\"banner-layers container\">\n            <div class=\"fill banner-link\"><\/div>            \n   <div id=\"text-box-1683557873\" class=\"text-box banner-layer x5 md-x5 lg-x0 y80 md-y80 lg-y80 res-text\">\n                                <div class=\"text-box-content text dark\">\n              \n              <div class=\"text-inner text-center\">\n                  \n\t<div id=\"text-1490828589\" class=\"text\">\n\t\t\n<h2 style=\" margin-bottom: 10px;  text-transform: none;\">Passepartout:<\/h2>\n<h4 style=\" margin-bottom: 10px;  text-transform: none; line-height:1\">educare al digitale<br \/> per crescere cittadini consapevoli<\/h4>\n\t\t\n<style>\n#text-1490828589 {\n  font-size: 0.9rem;\n  text-align: left;\n  color: rgb(255,255,255);\n}\n#text-1490828589 > * {\n  color: rgb(255,255,255);\n}\n@media (min-width:550px) {\n  #text-1490828589 {\n    font-size: 1.3rem;\n  }\n}\n@media (min-width:850px) {\n  #text-1490828589 {\n    text-align: left;\n  }\n}\n<\/style>\n\t<\/div>\n\t\n              <\/div>\n           <\/div>\n                            \n<style>\n#text-box-1683557873 {\n  width: 82%;\n}\n#text-box-1683557873 .text-box-content {\n  font-size: 100%;\n}\n@media (min-width:550px) {\n  #text-box-1683557873 {\n    width: 62%;\n  }\n}\n@media (min-width:850px) {\n  #text-box-1683557873 {\n    width: 76%;\n  }\n}\n<\/style>\n    <\/div>\n \n        <\/div>\n      <\/div>\n\n            \n<style>\n#banner-1080332367 {\n  padding-top: 300px;\n  background-color: rgb(95, 111, 255);\n}\n#banner-1080332367 .overlay {\n  background-color: rgba(95, 111, 255, 0.669);\n}\n#banner-1080332367 .banner-bg img {\n  object-position: 88% 25%;\n}\n@media (min-width:550px) {\n  #banner-1080332367 {\n    padding-top: 400px;\n  }\n  #banner-1080332367 .overlay {\n    background-color: rgba(95, 111, 255, 0.669);\n  }\n}\n@media (min-width:850px) {\n  #banner-1080332367 {\n    padding-top: 400px;\n  }\n  #banner-1080332367 .overlay {\n    background-color: rgba(95, 111, 255, 0.669);\n  }\n}\n<\/style>\n  <\/div>\n\n\n<div class=\"row\"  id=\"row-2142039344\">\n\n\t<div id=\"col-1254006614\" class=\"col small-12 large-12\"  >\n\t\t\t\t<div class=\"col-inner\" style=\"background-color:rgb(255,255,255);\" >\n\t\t\t\n\t\t\t\n<div class=\"row align-middle align-center\"  id=\"row-1926991419\">\n\n\t<div id=\"col-2094277836\" class=\"col medium-12 small-12 large-12\"  >\n\t\t\t\t<div class=\"col-inner\"  >\n\t\t\t\n\t\t\t\n\t<div id=\"text-676560164\" class=\"text\">\n\t\t\n<h1 style=\"font-size: 30px; margin-bottom: 10px; text-align: lcenter; !important; text-transform: none;\">In un mondo in cui il digitale entra nella vita dei bambini fin dai primi anni, educare all\u2019uso consapevole delle tecnologie non \u00e8 pi\u00f9 una possibilit\u00e0, ma una responsabilit\u00e0 condivisa.<\/h1>\n<p style=\"text-align: center; font-size: 1.2em; margin-bottom: 10px;\">Le nuove generazioni (i cosiddetti <em>nativi digitali<\/em>) crescono immerse in schermi, app, giochi online e strumenti di Intelligenza Artificiale: risorse ricche di opportunit\u00e0, ma anche di rischi se utilizzate senza guide chiare, riferimenti educativi e un adeguato sviluppo del pensiero critico.<\/p>\n\t\t\n<style>\n#text-676560164 {\n  text-align: center;\n  color: #ff7b54;\n}\n#text-676560164 > * {\n  color: #ff7b54;\n}\n<\/style>\n\t<\/div>\n\t\n\t\t<\/div>\n\t\t\t\t\n<style>\n#col-2094277836 > .col-inner {\n  margin: 0px 0px 0px 0px;\n}\n<\/style>\n\t<\/div>\n\n\t\n\n\t<div id=\"col-1887983760\" class=\"col medium-8 small-12 large-8\"  >\n\t\t\t\t<div class=\"col-inner\"  >\n\t\t\t\n\t\t\t\n\t<div id=\"text-412456809\" class=\"text\">\n\t\t\n<p style=\"text-align: justify; margin-bottom: 10px;\">Il percorso<strong><em> Passepartout, per consumatori intelligenti<\/em><\/strong> \u00e8 stato progettato per rispondere a questa precisa <strong>sfida educativa e culturale.<\/strong><\/p>\n<p style=\"text-align: justify; margin-bottom: 10px;\">Si tratta di\u00a0un ecosistema che integra educazione digitale, tutela della salute, consumi sostenibili ed economia circolare.<\/p>\n<p style=\"text-align: justify; margin-bottom: 10px;\">\u00c8 un progetto pensato per accompagnare gli studenti, insieme a insegnanti e famiglie, nella costruzione di un rapporto equilibrato, sicuro e responsabile con la tecnologia, favorendo lo sviluppo di competenze indispensabili per diventare cittadini attivi e informati.<\/p>\n\t\t\n<style>\n#text-412456809 {\n  text-align: left;\n}\n<\/style>\n\t<\/div>\n\t\n\t<div id=\"text-1487207484\" class=\"text\">\n\t\t\n<p style=\"text-align: justify; margin-bottom: 10px;\">All\u2019interno del percorso, particolare attenzione \u00e8 dedicata alla <strong>trasformazione digitale<\/strong>, con l\u2019obiettivo di fornire a minori e formatori strumenti utili per comprendere i media digitali, prevenire comportamenti a rischio e riconoscere segnali di disagio legati all\u2019uso improprio della tecnologia. <\/p>\n\t\t\n<style>\n#text-1487207484 {\n  text-align: left;\n}\n<\/style>\n\t<\/div>\n\t\n\t\t<\/div>\n\t\t\t\t\t<\/div>\n\n\t\n\n\t<div id=\"col-1058778471\" class=\"col medium-4 small-12 large-4\"  >\n\t\t\t\t<div class=\"col-inner\"  >\n\t\t\t\n\t\t\t\n\t<div class=\"box has-hover   has-hover box-none box-text-bottom\" >\n\n\t\t<div class=\"box-image\" style=\"border-radius:10%;\">\n\t\t\t\t\t\t<div class=\"image-cover\" style=\"padding-top:100%;\">\n\t\t\t\t<img loading=\"lazy\" decoding=\"async\" width=\"1333\" height=\"2000\" src=\"https:\/\/www.educazionedigitale.it\/passepartout\/wp-content\/uploads\/2025\/12\/2149032315.jpg\" class=\"attachment- size-\" alt=\"\" srcset=\"https:\/\/www.educazionedigitale.it\/passepartout\/wp-content\/uploads\/2025\/12\/2149032315.jpg 1333w, https:\/\/www.educazionedigitale.it\/passepartout\/wp-content\/uploads\/2025\/12\/2149032315-533x800.jpg 533w, https:\/\/www.educazionedigitale.it\/passepartout\/wp-content\/uploads\/2025\/12\/2149032315-1066x1600.jpg 1066w, https:\/\/www.educazionedigitale.it\/passepartout\/wp-content\/uploads\/2025\/12\/2149032315-768x1152.jpg 768w, https:\/\/www.educazionedigitale.it\/passepartout\/wp-content\/uploads\/2025\/12\/2149032315-1024x1536.jpg 1024w\" sizes=\"auto, (max-width: 1333px) 100vw, 1333px\" \/>\t\t\t\t\t\t\t\t\t\t\t<\/div>\n\t\t\t\t\t<\/div>\n\n\t\t<div class=\"box-text text-center\" >\n\t\t\t<div class=\"box-text-inner\">\n\t\t\t\t\n<h4>A title<\/h4>\n<p>Image Box text<\/p>\n\t\t\t<\/div>\n\t\t<\/div>\n\t<\/div>\n\t\n\t\t<\/div>\n\t\t\t\t\n<style>\n#col-1058778471 > .col-inner {\n  margin: 0px 0px 0px 40px;\n}\n<\/style>\n\t<\/div>\n\n\t\n\n\t<div id=\"col-356299397\" class=\"col small-12 large-12\"  >\n\t\t\t\t<div class=\"col-inner\"  >\n\t\t\t\n\t\t\t\n\t<div id=\"text-3643520247\" class=\"text\">\n\t\t\n<p style=\"text-align: justify; margin-bottom: 10px;\"><strong>L\u2019educazione al digitale, infatti, non riguarda solo le abilit\u00e0 tecniche, ma anche la capacit\u00e0 di usare la rete in modo critico, sicuro e rispettoso degli altri.<\/strong><\/p>\n\t\t\n<style>\n#text-3643520247 {\n  text-align: left;\n}\n<\/style>\n\t<\/div>\n\t\n\t\t<\/div>\n\t\t\t\t\t<\/div>\n\n\t\n<\/div>\n\t\t<\/div>\n\t\t\t\t\n<style>\n#col-1254006614 > .col-inner {\n  padding: 20px 20px 0px 20px;\n  margin: -70px 0px 0px 0px;\n  border-radius: 20px;\n}\n<\/style>\n\t<\/div>\n\n\t\n\n\t<div id=\"col-91819032\" class=\"col small-12 large-12\"  >\n\t\t\t\t<div class=\"col-inner\"  >\n\t\t\t\n\t\t\t\n\t<div id=\"gap-2066938246\" class=\"gap-element clearfix\" style=\"display:block; height:auto;\">\n\t\t\n<style>\n#gap-2066938246 {\n  padding-top: 60px;\n}\n<\/style>\n\t<\/div>\n\t\n\t\t<\/div>\n\t\t\t\t\t<\/div>\n\n\t\n<\/div>\n\t\t<\/div>\n\n\t\t\n<style>\n#section_2069712992 {\n  padding-top: 0px;\n  padding-bottom: 0px;\n  background-color: rgb(224, 231, 243);\n}\n<\/style>\n\t<\/section>\n\t\n\n\t<section class=\"section\" id=\"section_419344944\">\n\t\t<div class=\"section-bg fill\" >\n\t\t\t\t\t\t\t\t\t\n\t\t\t\n\n\t\t<\/div>\n\n\t\t\n\n\t\t<div class=\"section-content relative\">\n\t\t\t\n<div class=\"row\"  id=\"row-1362314512\">\n\n\t<div id=\"col-788603797\" class=\"col small-12 large-12\"  >\n\t\t\t\t<div class=\"col-inner\" style=\"background-color:rgb(255,255,255);\" >\n\t\t\t\n\t\t\t\n<div class=\"row align-middle align-center\"  id=\"row-1687022447\">\n\n\t<div id=\"col-811758771\" class=\"col medium-12 small-12 large-12\"  >\n\t\t\t\t<div class=\"col-inner\"  >\n\t\t\t\n\t\t\t\n\t<div id=\"text-3937714048\" class=\"text\">\n\t\t\n<h1 style=\"font-size: 25px; margin-bottom: 10px; text-align: lcenter; !important; text-transform: none;\">I temi: scuola dell\u2019infanzia e primaria<\/h1>\n\t\t\n<style>\n#text-3937714048 {\n  text-align: left;\n  color: #5f6fff;\n}\n#text-3937714048 > * {\n  color: #5f6fff;\n}\n<\/style>\n\t<\/div>\n\t\n\t\t<\/div>\n\t\t\t\t\n<style>\n#col-811758771 > .col-inner {\n  margin: 0px 0px -20px 0px;\n}\n<\/style>\n\t<\/div>\n\n\t\n\n\t<div id=\"col-119478865\" class=\"col medium-4 small-12 large-4\"  >\n\t\t\t\t<div class=\"col-inner\"  >\n\t\t\t\n\t\t\t\n\t<div class=\"box has-hover   has-hover box-none box-text-bottom\" >\n\n\t\t<div class=\"box-image\" style=\"border-radius:10%;\">\n\t\t\t\t\t\t<div class=\"image-cover\" style=\"padding-top:100%;\">\n\t\t\t\t<img loading=\"lazy\" decoding=\"async\" width=\"1500\" height=\"1001\" src=\"https:\/\/www.educazionedigitale.it\/passepartout\/wp-content\/uploads\/2025\/12\/2148022548.jpg\" class=\"attachment- size-\" alt=\"\" srcset=\"https:\/\/www.educazionedigitale.it\/passepartout\/wp-content\/uploads\/2025\/12\/2148022548.jpg 1500w, https:\/\/www.educazionedigitale.it\/passepartout\/wp-content\/uploads\/2025\/12\/2148022548-800x534.jpg 800w, https:\/\/www.educazionedigitale.it\/passepartout\/wp-content\/uploads\/2025\/12\/2148022548-768x513.jpg 768w\" sizes=\"auto, (max-width: 1500px) 100vw, 1500px\" \/>\t\t\t\t\t\t\t\t\t\t\t<\/div>\n\t\t\t\t\t<\/div>\n\n\t\t<div class=\"box-text text-center\" >\n\t\t\t<div class=\"box-text-inner\">\n\t\t\t\t\n<h4>A title<\/h4>\n<p>Image Box text<\/p>\n\t\t\t<\/div>\n\t\t<\/div>\n\t<\/div>\n\t\n\t\t<\/div>\n\t\t\t\t\n<style>\n#col-119478865 > .col-inner {\n  margin: 0px 0px 0px -40px;\n}\n<\/style>\n\t<\/div>\n\n\t\n\n\t<div id=\"col-1951614812\" class=\"col medium-8 small-12 large-8\"  >\n\t\t\t\t<div class=\"col-inner\"  >\n\t\t\t\n\t\t\t\n\t<div id=\"text-3262425360\" class=\"text\">\n\t\t\n<p style=\"text-align: justify; margin-bottom: 10px;\">I bambini entrano in contatto con schermi e dispositivi fin dalla nascita. Per questo, il percorso offre strumenti per comprendere come accompagnarli in modo sano in questa fase delicata di crescita e di scoperta del mondo. Tra i temi affrontati:<\/p>\n<ul>\n<li>l\u2019uso del digitale nelle prime et\u00e0 e il suo ruolo educativo;<\/li>\n<li>i fattori di rischio associati all\u2019esposizione precoce agli schermi;<\/li>\n<li>l\u2019uso del gioco online in et\u00e0 scolare;<\/li>\n<li>le prime forme di interazione digitale e i comportamenti da monitorare;<\/li>\n<li>l\u2019insorgenza dei primi episodi di cyberbullismo e come prevenirli.<\/li>\n<\/ul>\n\t\t\n<style>\n#text-3262425360 {\n  text-align: left;\n}\n<\/style>\n\t<\/div>\n\t\n\t\t<\/div>\n\t\t\t\t\t<\/div>\n\n\t\n<\/div>\n\t\t<\/div>\n\t\t\t\t\n<style>\n#col-788603797 > .col-inner {\n  padding: 20px 20px 0px 20px;\n  margin: -50px 0px 0px 0px;\n  border-radius: 20px;\n}\n<\/style>\n\t<\/div>\n\n\t\n\n\t<div id=\"col-1493964425\" class=\"col small-12 large-12\"  >\n\t\t\t\t<div class=\"col-inner\"  >\n\t\t\t\n\t\t\t\n\t<div id=\"gap-351263816\" class=\"gap-element clearfix\" style=\"display:block; height:auto;\">\n\t\t\n<style>\n#gap-351263816 {\n  padding-top: 60px;\n}\n<\/style>\n\t<\/div>\n\t\n\t\t<\/div>\n\t\t\t\t\t<\/div>\n\n\t\n<\/div>\n\t\t<\/div>\n\n\t\t\n<style>\n#section_419344944 {\n  padding-top: 0px;\n  padding-bottom: 0px;\n  background-color: rgb(191, 203, 224);\n}\n<\/style>\n\t<\/section>\n\t\n\n\t<section class=\"section\" id=\"section_1499207107\">\n\t\t<div class=\"section-bg fill\" >\n\t\t\t\t\t\t\t\t\t\n\t\t\t\n\n\t\t<\/div>\n\n\t\t\n\n\t\t<div class=\"section-content relative\">\n\t\t\t\n<div class=\"row\"  id=\"row-1095479563\">\n\n\t<div id=\"col-334374905\" class=\"col small-12 large-12\"  >\n\t\t\t\t<div class=\"col-inner\" style=\"background-color:rgb(255,255,255);\" >\n\t\t\t\n\t\t\t\n<div class=\"row align-middle align-center\"  id=\"row-1125203177\">\n\n\t<div id=\"col-1927449769\" class=\"col medium-12 small-12 large-12\"  >\n\t\t\t\t<div class=\"col-inner\"  >\n\t\t\t\n\t\t\t\n\t<div id=\"text-2008296582\" class=\"text\">\n\t\t\n<h1 style=\"font-size: 25px; margin-bottom: 10px; text-align: lcenter; !important; text-transform: none;\">I temi: scuola secondaria di II grado<\/h1>\n\t\t\n<style>\n#text-2008296582 {\n  text-align: left;\n  color: #ff7b54;\n}\n#text-2008296582 > * {\n  color: #ff7b54;\n}\n<\/style>\n\t<\/div>\n\t\n\t\t<\/div>\n\t\t\t\t\n<style>\n#col-1927449769 > .col-inner {\n  margin: 0px 0px -20px 0px;\n}\n<\/style>\n\t<\/div>\n\n\t\n\n\t<div id=\"col-1931578823\" class=\"col small-12 large-12\"  >\n\t\t\t\t<div class=\"col-inner\"  >\n\t\t\t\n\t\t\t\n\t<div id=\"text-101393056\" class=\"text\">\n\t\t\n<p style=\"text-align: justify; margin-bottom: 10px;\">Con gli adolescenti, il percorso si focalizza sulle competenze digitali avanzate e sulla prevenzione dei rischi legati a un uso non consapevole della tecnologia.<\/p>\n<p style=\"text-align: justify; margin-bottom: 10px;\">I contenuti propongono un viaggio nella complessit\u00e0 del web contemporaneo, dall\u2019uso quotidiano dei social fino alle tecnologie emergenti basate sull\u2019<strong>Intelligenza Artificiale<\/strong>, spesso utilizzate senza conoscerne i meccanismi algoritmici.<\/p>\n\t\t\n<style>\n#text-101393056 {\n  text-align: left;\n}\n<\/style>\n\t<\/div>\n\t\n\t\t<\/div>\n\t\t\t\t\t<\/div>\n\n\t\n\n\t<div id=\"col-1748771571\" class=\"col medium-8 small-12 large-8\"  >\n\t\t\t\t<div class=\"col-inner\"  >\n\t\t\t\n\t\t\t\n\t<div id=\"text-3720325476\" class=\"text\">\n\t\t\n<p style=\"text-align: justify; margin-bottom: 10px;\">I ragazzi saranno guidati su:<\/p>\n<ul>\n<li>funzionamento e limiti del machine learning e degli algoritmi;<\/li>\n<li>riconoscimento delle fake news e dei contenuti manipolati;<\/li>\n<li>consapevolezza dei rischi del dark web e del deep web;<\/li>\n<li>prevenzione del cyberbullismo e dei comportamenti aggressivi o autolesivi;<\/li>\n<li>analisi del fenomeno delle challenge online, incluse le sfide estreme che possono portare a comportamenti pericolosi;<\/li>\n<li>comprensione dell\u2019isolamento digitale e sociale, incluso il fenomeno dell\u2019<strong>hikikomori<\/strong>, che in Italia riguarda ormai circa 67.000 minori.<\/li>\n<\/ul>\n\t\t\n<style>\n#text-3720325476 {\n  text-align: left;\n}\n<\/style>\n\t<\/div>\n\t\n\t\t<\/div>\n\t\t\t\t\t<\/div>\n\n\t\n\n\t<div id=\"col-1049086481\" class=\"col medium-4 small-12 large-4\"  >\n\t\t\t\t<div class=\"col-inner\"  >\n\t\t\t\n\t\t\t\n\t<div class=\"box has-hover   has-hover box-none box-text-bottom\" >\n\n\t\t<div class=\"box-image\" style=\"border-radius:10%;\">\n\t\t\t\t\t\t<div class=\"image-cover\" style=\"padding-top:100%;\">\n\t\t\t\t<img loading=\"lazy\" decoding=\"async\" width=\"1500\" height=\"1180\" src=\"https:\/\/www.educazionedigitale.it\/passepartout\/wp-content\/uploads\/2025\/12\/2148984756.jpg\" class=\"attachment- size-\" alt=\"\" srcset=\"https:\/\/www.educazionedigitale.it\/passepartout\/wp-content\/uploads\/2025\/12\/2148984756.jpg 1500w, https:\/\/www.educazionedigitale.it\/passepartout\/wp-content\/uploads\/2025\/12\/2148984756-800x629.jpg 800w, https:\/\/www.educazionedigitale.it\/passepartout\/wp-content\/uploads\/2025\/12\/2148984756-768x604.jpg 768w\" sizes=\"auto, (max-width: 1500px) 100vw, 1500px\" \/>\t\t\t\t\t\t\t\t\t\t\t<\/div>\n\t\t\t\t\t<\/div>\n\n\t\t<div class=\"box-text text-center\" >\n\t\t\t<div class=\"box-text-inner\">\n\t\t\t\t\n<h4>A title<\/h4>\n<p>Image Box text<\/p>\n\t\t\t<\/div>\n\t\t<\/div>\n\t<\/div>\n\t\n\t\t<\/div>\n\t\t\t\t\n<style>\n#col-1049086481 > .col-inner {\n  margin: 0px 0px 0px 40px;\n}\n<\/style>\n\t<\/div>\n\n\t\n\n\t<div id=\"col-849525851\" class=\"col small-12 large-12\"  >\n\t\t\t\t<div class=\"col-inner\"  >\n\t\t\t\n\t\t\t\n\t<div id=\"text-615482155\" class=\"text\">\n\t\t\n<p style=\"text-align: justify; margin-bottom: 10px;\">Questa sezione mira a trasformare gli studenti in navigatori competenti, capaci di muoversi nella rete con autonomia, responsabilit\u00e0 e spirito critico.<\/p>\n\t\t\n<style>\n#text-615482155 {\n  text-align: left;\n}\n<\/style>\n\t<\/div>\n\t\n\t\t<\/div>\n\t\t\t\t\t<\/div>\n\n\t\n<\/div>\n\t\t<\/div>\n\t\t\t\t\n<style>\n#col-334374905 > .col-inner {\n  padding: 20px 20px 0px 20px;\n  margin: -50px 0px 0px 0px;\n  border-radius: 20px;\n}\n<\/style>\n\t<\/div>\n\n\t\n\n\t<div id=\"col-1586664395\" class=\"col small-12 large-12\"  >\n\t\t\t\t<div class=\"col-inner\"  >\n\t\t\t\n\t\t\t\n\t<div id=\"gap-347515444\" class=\"gap-element clearfix\" style=\"display:block; height:auto;\">\n\t\t\n<style>\n#gap-347515444 {\n  padding-top: 60px;\n}\n<\/style>\n\t<\/div>\n\t\n\t\t<\/div>\n\t\t\t\t\t<\/div>\n\n\t\n<\/div>\n\t\t<\/div>\n\n\t\t\n<style>\n#section_1499207107 {\n  padding-top: 0px;\n  padding-bottom: 0px;\n  background-color: rgb(162, 178, 204);\n}\n<\/style>\n\t<\/section>\n\t\n\n\t<section class=\"section\" id=\"section_716572930\">\n\t\t<div class=\"section-bg fill\" >\n\t\t\t<img loading=\"lazy\" decoding=\"async\" width=\"2000\" height=\"1333\" src=\"https:\/\/www.educazionedigitale.it\/passepartout\/wp-content\/uploads\/2025\/12\/2149357730.jpg\" class=\"bg attachment- size-\" alt=\"\" \/>\t\t\t\t\t\t<div class=\"section-bg-overlay absolute fill\"><\/div>\n\t\t\t\n\n\t\t<\/div>\n\n\t\t\n\n\t\t<div class=\"section-content relative\">\n\t\t\t\n<div class=\"row align-equal align-center\"  id=\"row-1618201619\">\n\n\t<div id=\"col-679803400\" class=\"col small-12 large-12\"  >\n\t\t\t\t<div class=\"col-inner\" style=\"background-color:rgb(255,255,255);\" >\n\t\t\t\n\t\t\t\n\t<div id=\"text-3340609098\" class=\"text\">\n\t\t\n<h1 style=\"font-size: 30px; margin-bottom: 0px;  color: #000 !important; text-transform: none;\">Obiettivi didattici<\/h1>\n\t\t\n<style>\n#text-3340609098 {\n  text-align: center;\n}\n<\/style>\n\t<\/div>\n\t\n\t\t<\/div>\n\t\t\t\t\n<style>\n#col-679803400 > .col-inner {\n  padding: 20px 20px 20px 20px;\n  margin: -90px 0px 30px 0px;\n  border-radius: 100px;\n}\n<\/style>\n\t<\/div>\n\n\t\n\n\t<div id=\"col-1033982146\" class=\"col medium-6 small-12 large-3\"  >\n\t\t\t\t<div class=\"col-inner text-center\" style=\"background-color:rgb(255,255,255);\" >\n\t\t\t\n\t\t\t\n\t<div id=\"text-3021603027\" class=\"text\">\n\t\t\n<h2 style=\"font-size: 18px; margin-bottom: 10px;  color: #000 !important; text-transform: none;\">Sviluppare un uso consapevole, critico <br \/>e responsabile<br \/> delle tecnologie digitali.<\/p>\n\t\t\n<style>\n#text-3021603027 {\n  text-align: center;\n}\n<\/style>\n\t<\/div>\n\t\n\t<div id=\"gap-962807349\" class=\"gap-element clearfix\" style=\"display:block; height:auto;\">\n\t\t\n<style>\n#gap-962807349 {\n  padding-top: 20px;\n}\n<\/style>\n\t<\/div>\n\t\n\t<div class=\"img has-hover x md-x lg-x y md-y lg-y\" id=\"image_726360871\">\n\t\t\t\t\t\t\t\t<div class=\"img-inner dark\" >\n\t\t\t<img loading=\"lazy\" decoding=\"async\" width=\"512\" height=\"512\" src=\"https:\/\/www.educazionedigitale.it\/passepartout\/wp-content\/uploads\/2025\/12\/solutions.png\" class=\"attachment-original size-original\" alt=\"\" srcset=\"https:\/\/www.educazionedigitale.it\/passepartout\/wp-content\/uploads\/2025\/12\/solutions.png 512w, https:\/\/www.educazionedigitale.it\/passepartout\/wp-content\/uploads\/2025\/12\/solutions-340x340.png 340w\" sizes=\"auto, (max-width: 512px) 100vw, 512px\" \/>\t\t\t\t\t\t\n\t\t\t\t\t<\/div>\n\t\t\t\t\t\t\t\t\n<style>\n#image_726360871 {\n  width: 100%;\n}\n@media (min-width:550px) {\n  #image_726360871 {\n    width: 49%;\n  }\n}\n@media (min-width:850px) {\n  #image_726360871 {\n    width: 44%;\n  }\n}\n<\/style>\n\t<\/div>\n\t\n\t<div id=\"gap-1674605341\" class=\"gap-element clearfix\" style=\"display:block; height:auto;\">\n\t\t\n<style>\n#gap-1674605341 {\n  padding-top: 20px;\n}\n<\/style>\n\t<\/div>\n\t\n\t\t<\/div>\n\t\t\t\t\n<style>\n#col-1033982146 > .col-inner {\n  padding: 20px 20px 0px 20px;\n  border-radius: 20px;\n}\n<\/style>\n\t<\/div>\n\n\t\n\n\t<div id=\"col-1041425915\" class=\"col medium-6 small-12 large-3\"  >\n\t\t\t\t<div class=\"col-inner text-center\" style=\"background-color:rgb(255,255,255);\" >\n\t\t\t\n\t\t\t\n\t<div id=\"text-2705824459\" class=\"text\">\n\t\t\n<h2 style=\"font-size: 18px; margin-bottom: 10px;  color: #000 !important; text-transform: none;\">Prevenire rischi legati alla navigazione online, al cyberbullismo e alle dipendenze digitali.<\/p>\n\t\t\n<style>\n#text-2705824459 {\n  text-align: center;\n}\n<\/style>\n\t<\/div>\n\t\n\t<div id=\"gap-1632820014\" class=\"gap-element clearfix\" style=\"display:block; height:auto;\">\n\t\t\n<style>\n#gap-1632820014 {\n  padding-top: 20px;\n}\n<\/style>\n\t<\/div>\n\t\n\t<div class=\"img has-hover x md-x lg-x y md-y lg-y\" id=\"image_395454430\">\n\t\t\t\t\t\t\t\t<div class=\"img-inner dark\" >\n\t\t\t<img loading=\"lazy\" decoding=\"async\" width=\"512\" height=\"512\" src=\"https:\/\/www.educazionedigitale.it\/passepartout\/wp-content\/uploads\/2025\/12\/hacker.png\" class=\"attachment-original size-original\" alt=\"\" srcset=\"https:\/\/www.educazionedigitale.it\/passepartout\/wp-content\/uploads\/2025\/12\/hacker.png 512w, https:\/\/www.educazionedigitale.it\/passepartout\/wp-content\/uploads\/2025\/12\/hacker-340x340.png 340w\" sizes=\"auto, (max-width: 512px) 100vw, 512px\" \/>\t\t\t\t\t\t\n\t\t\t\t\t<\/div>\n\t\t\t\t\t\t\t\t\n<style>\n#image_395454430 {\n  width: 100%;\n}\n@media (min-width:550px) {\n  #image_395454430 {\n    width: 49%;\n  }\n}\n@media (min-width:850px) {\n  #image_395454430 {\n    width: 44%;\n  }\n}\n<\/style>\n\t<\/div>\n\t\n\t<div id=\"gap-1001805809\" class=\"gap-element clearfix\" style=\"display:block; height:auto;\">\n\t\t\n<style>\n#gap-1001805809 {\n  padding-top: 20px;\n}\n<\/style>\n\t<\/div>\n\t\n\t\t<\/div>\n\t\t\t\t\n<style>\n#col-1041425915 > .col-inner {\n  padding: 20px 20px 0px 20px;\n  margin: 0px 0px 0px 0px;\n  border-radius: 20px;\n}\n<\/style>\n\t<\/div>\n\n\t\n\n\t<div id=\"col-285783073\" class=\"col medium-6 small-12 large-3\"  >\n\t\t\t\t<div class=\"col-inner text-center\" style=\"background-color:rgb(255,255,255);\" >\n\t\t\t\n\t\t\t\n\t<div id=\"text-784528597\" class=\"text\">\n\t\t\n<h2 style=\"font-size: 18px; margin-bottom: 10px;  color: #000 !important; text-transform: none;\">Rafforzare la capacit\u00e0 di riconoscere contenuti inaffidabili, fake news e manipolazioni.<\/p>\n\t\t\n<style>\n#text-784528597 {\n  text-align: center;\n}\n<\/style>\n\t<\/div>\n\t\n\t<div id=\"gap-130575171\" class=\"gap-element clearfix\" style=\"display:block; height:auto;\">\n\t\t\n<style>\n#gap-130575171 {\n  padding-top: 20px;\n}\n<\/style>\n\t<\/div>\n\t\n\t<div class=\"img has-hover x md-x lg-x y md-y lg-y\" id=\"image_174472335\">\n\t\t\t\t\t\t\t\t<div class=\"img-inner dark\" >\n\t\t\t<img loading=\"lazy\" decoding=\"async\" width=\"512\" height=\"512\" src=\"https:\/\/www.educazionedigitale.it\/passepartout\/wp-content\/uploads\/2025\/12\/data-breach.png\" class=\"attachment-original size-original\" alt=\"\" srcset=\"https:\/\/www.educazionedigitale.it\/passepartout\/wp-content\/uploads\/2025\/12\/data-breach.png 512w, https:\/\/www.educazionedigitale.it\/passepartout\/wp-content\/uploads\/2025\/12\/data-breach-340x340.png 340w\" sizes=\"auto, (max-width: 512px) 100vw, 512px\" \/>\t\t\t\t\t\t\n\t\t\t\t\t<\/div>\n\t\t\t\t\t\t\t\t\n<style>\n#image_174472335 {\n  width: 100%;\n}\n@media (min-width:550px) {\n  #image_174472335 {\n    width: 49%;\n  }\n}\n@media (min-width:850px) {\n  #image_174472335 {\n    width: 44%;\n  }\n}\n<\/style>\n\t<\/div>\n\t\n\t<div id=\"gap-1210075893\" class=\"gap-element clearfix\" style=\"display:block; height:auto;\">\n\t\t\n<style>\n#gap-1210075893 {\n  padding-top: 20px;\n}\n<\/style>\n\t<\/div>\n\t\n\t\t<\/div>\n\t\t\t\t\n<style>\n#col-285783073 > .col-inner {\n  padding: 20px 20px 0px 20px;\n  margin: 0px 0px 0px 0px;\n  border-radius: 20px;\n}\n<\/style>\n\t<\/div>\n\n\t\n\n\t<div id=\"col-852854834\" class=\"col medium-6 small-12 large-3\"  >\n\t\t\t\t<div class=\"col-inner text-center\" style=\"background-color:rgb(255,255,255);\" >\n\t\t\t\n\t\t\t\n\t<div id=\"text-1664897413\" class=\"text\">\n\t\t\n<h2 style=\"font-size: 18px; margin-bottom: 10px;  color: #000 !important; text-transform: none;\">Favorire comportamenti rispettosi, inclusivi e sicuri negli ambienti digitali.<\/p>\n\t\t\n<style>\n#text-1664897413 {\n  text-align: center;\n}\n<\/style>\n\t<\/div>\n\t\n\t<div id=\"gap-1227635639\" class=\"gap-element clearfix\" style=\"display:block; height:auto;\">\n\t\t\n<style>\n#gap-1227635639 {\n  padding-top: 20px;\n}\n<\/style>\n\t<\/div>\n\t\n\t<div class=\"img has-hover x md-x lg-x y md-y lg-y\" id=\"image_1122185240\">\n\t\t\t\t\t\t\t\t<div class=\"img-inner dark\" >\n\t\t\t<img loading=\"lazy\" decoding=\"async\" width=\"512\" height=\"512\" src=\"https:\/\/www.educazionedigitale.it\/passepartout\/wp-content\/uploads\/2025\/12\/social-engineering.png\" class=\"attachment-original size-original\" alt=\"\" srcset=\"https:\/\/www.educazionedigitale.it\/passepartout\/wp-content\/uploads\/2025\/12\/social-engineering.png 512w, https:\/\/www.educazionedigitale.it\/passepartout\/wp-content\/uploads\/2025\/12\/social-engineering-340x340.png 340w\" sizes=\"auto, (max-width: 512px) 100vw, 512px\" \/>\t\t\t\t\t\t\n\t\t\t\t\t<\/div>\n\t\t\t\t\t\t\t\t\n<style>\n#image_1122185240 {\n  width: 100%;\n}\n@media (min-width:550px) {\n  #image_1122185240 {\n    width: 49%;\n  }\n}\n@media (min-width:850px) {\n  #image_1122185240 {\n    width: 44%;\n  }\n}\n<\/style>\n\t<\/div>\n\t\n\t<div id=\"gap-262863066\" class=\"gap-element clearfix\" style=\"display:block; height:auto;\">\n\t\t\n<style>\n#gap-262863066 {\n  padding-top: 20px;\n}\n<\/style>\n\t<\/div>\n\t\n\t\t<\/div>\n\t\t\t\t\n<style>\n#col-852854834 > .col-inner {\n  padding: 20px 20px 0px 20px;\n  margin: 0px 0px 0px 0px;\n  border-radius: 20px;\n}\n<\/style>\n\t<\/div>\n\n\t\n\n\t<div id=\"col-2084882581\" class=\"col medium-6 small-12 large-4\"  >\n\t\t\t\t<div class=\"col-inner text-center\" style=\"background-color:rgb(255,255,255);\" >\n\t\t\t\n\t\t\t\n\t<div id=\"text-3942324490\" class=\"text\">\n\t\t\n<h2 style=\"font-size: 18px; margin-bottom: 10px;  color: #000 !important; text-transform: none;\">Promuovere il benessere psicofisico e la tutela della salute nell\u2019interazione con il digitale.<\/p>\n\t\t\n<style>\n#text-3942324490 {\n  text-align: center;\n}\n<\/style>\n\t<\/div>\n\t\n\t<div id=\"gap-1677702065\" class=\"gap-element clearfix\" style=\"display:block; height:auto;\">\n\t\t\n<style>\n#gap-1677702065 {\n  padding-top: 20px;\n}\n<\/style>\n\t<\/div>\n\t\n\t<div class=\"img has-hover x md-x lg-x y md-y lg-y\" id=\"image_2021915200\">\n\t\t\t\t\t\t\t\t<div class=\"img-inner dark\" >\n\t\t\t<img loading=\"lazy\" decoding=\"async\" width=\"512\" height=\"512\" src=\"https:\/\/www.educazionedigitale.it\/passepartout\/wp-content\/uploads\/2025\/12\/social-responsibility.png\" class=\"attachment-original size-original\" alt=\"\" srcset=\"https:\/\/www.educazionedigitale.it\/passepartout\/wp-content\/uploads\/2025\/12\/social-responsibility.png 512w, https:\/\/www.educazionedigitale.it\/passepartout\/wp-content\/uploads\/2025\/12\/social-responsibility-340x340.png 340w\" sizes=\"auto, (max-width: 512px) 100vw, 512px\" \/>\t\t\t\t\t\t\n\t\t\t\t\t<\/div>\n\t\t\t\t\t\t\t\t\n<style>\n#image_2021915200 {\n  width: 100%;\n}\n@media (min-width:550px) {\n  #image_2021915200 {\n    width: 49%;\n  }\n}\n@media (min-width:850px) {\n  #image_2021915200 {\n    width: 30%;\n  }\n}\n<\/style>\n\t<\/div>\n\t\n\t<div id=\"gap-1009676768\" class=\"gap-element clearfix\" style=\"display:block; height:auto;\">\n\t\t\n<style>\n#gap-1009676768 {\n  padding-top: 20px;\n}\n<\/style>\n\t<\/div>\n\t\n\t\t<\/div>\n\t\t\t\t\n<style>\n#col-2084882581 > .col-inner {\n  padding: 20px 20px 0px 20px;\n  border-radius: 20px;\n}\n<\/style>\n\t<\/div>\n\n\t\n\n\t<div id=\"col-2014548160\" class=\"col medium-6 small-12 large-4\"  >\n\t\t\t\t<div class=\"col-inner text-center\" style=\"background-color:rgb(255,255,255);\" >\n\t\t\t\n\t\t\t\n\t<div id=\"text-728484675\" class=\"text\">\n\t\t\n<h2 style=\"font-size: 18px; margin-bottom: 10px;  color: #000 !important; text-transform: none;\">Supportare insegnanti<br \/> e famiglie nella gestione educativa<br \/> delle tecnologie.<\/p>\n\t\t\n<style>\n#text-728484675 {\n  text-align: center;\n}\n<\/style>\n\t<\/div>\n\t\n\t<div id=\"gap-240932062\" class=\"gap-element clearfix\" style=\"display:block; height:auto;\">\n\t\t\n<style>\n#gap-240932062 {\n  padding-top: 20px;\n}\n<\/style>\n\t<\/div>\n\t\n\t<div class=\"img has-hover x md-x lg-x y md-y lg-y\" id=\"image_527830977\">\n\t\t\t\t\t\t\t\t<div class=\"img-inner dark\" >\n\t\t\t<img loading=\"lazy\" decoding=\"async\" width=\"512\" height=\"512\" src=\"https:\/\/www.educazionedigitale.it\/passepartout\/wp-content\/uploads\/2025\/12\/training.png\" class=\"attachment-original size-original\" alt=\"\" srcset=\"https:\/\/www.educazionedigitale.it\/passepartout\/wp-content\/uploads\/2025\/12\/training.png 512w, https:\/\/www.educazionedigitale.it\/passepartout\/wp-content\/uploads\/2025\/12\/training-340x340.png 340w\" sizes=\"auto, (max-width: 512px) 100vw, 512px\" \/>\t\t\t\t\t\t\n\t\t\t\t\t<\/div>\n\t\t\t\t\t\t\t\t\n<style>\n#image_527830977 {\n  width: 100%;\n}\n@media (min-width:550px) {\n  #image_527830977 {\n    width: 49%;\n  }\n}\n@media (min-width:850px) {\n  #image_527830977 {\n    width: 30%;\n  }\n}\n<\/style>\n\t<\/div>\n\t\n\t<div id=\"gap-781866537\" class=\"gap-element clearfix\" style=\"display:block; height:auto;\">\n\t\t\n<style>\n#gap-781866537 {\n  padding-top: 20px;\n}\n<\/style>\n\t<\/div>\n\t\n\t\t<\/div>\n\t\t\t\t\n<style>\n#col-2014548160 > .col-inner {\n  padding: 20px 20px 0px 20px;\n  border-radius: 20px;\n}\n<\/style>\n\t<\/div>\n\n\t\n\n\t<div id=\"col-152615530\" class=\"col medium-6 small-12 large-4\"  >\n\t\t\t\t<div class=\"col-inner text-center\" style=\"background-color:rgb(255,255,255);\" >\n\t\t\t\n\t\t\t\n\t<div id=\"text-2442380018\" class=\"text\">\n\t\t\n<h2 style=\"font-size: 18px; margin-bottom: 10px;  color: #000 !important; text-transform: none;\">Stimolare nei giovani<br \/> un ruolo attivo<br \/>e consapevole come cittadini digitali.<\/p>\n\t\t\n<style>\n#text-2442380018 {\n  text-align: center;\n}\n<\/style>\n\t<\/div>\n\t\n\t<div id=\"gap-501093097\" class=\"gap-element clearfix\" style=\"display:block; height:auto;\">\n\t\t\n<style>\n#gap-501093097 {\n  padding-top: 20px;\n}\n<\/style>\n\t<\/div>\n\t\n\t<div class=\"img has-hover x md-x lg-x y md-y lg-y\" id=\"image_835672889\">\n\t\t\t\t\t\t\t\t<div class=\"img-inner dark\" >\n\t\t\t<img loading=\"lazy\" decoding=\"async\" width=\"512\" height=\"512\" src=\"https:\/\/www.educazionedigitale.it\/passepartout\/wp-content\/uploads\/2025\/12\/leadership.png\" class=\"attachment-original size-original\" alt=\"\" srcset=\"https:\/\/www.educazionedigitale.it\/passepartout\/wp-content\/uploads\/2025\/12\/leadership.png 512w, https:\/\/www.educazionedigitale.it\/passepartout\/wp-content\/uploads\/2025\/12\/leadership-340x340.png 340w\" sizes=\"auto, (max-width: 512px) 100vw, 512px\" \/>\t\t\t\t\t\t\n\t\t\t\t\t<\/div>\n\t\t\t\t\t\t\t\t\n<style>\n#image_835672889 {\n  width: 100%;\n}\n@media (min-width:550px) {\n  #image_835672889 {\n    width: 49%;\n  }\n}\n@media (min-width:850px) {\n  #image_835672889 {\n    width: 30%;\n  }\n}\n<\/style>\n\t<\/div>\n\t\n\t<div id=\"gap-494472983\" class=\"gap-element clearfix\" style=\"display:block; height:auto;\">\n\t\t\n<style>\n#gap-494472983 {\n  padding-top: 20px;\n}\n<\/style>\n\t<\/div>\n\t\n\t\t<\/div>\n\t\t\t\t\n<style>\n#col-152615530 > .col-inner {\n  padding: 20px 20px 0px 20px;\n  border-radius: 20px;\n}\n<\/style>\n\t<\/div>\n\n\t\n<\/div>\n\t<div id=\"gap-687468824\" class=\"gap-element clearfix\" style=\"display:block; height:auto;\">\n\t\t\n<style>\n#gap-687468824 {\n  padding-top: 60px;\n}\n<\/style>\n\t<\/div>\n\t\n\t\t<\/div>\n\n\t\t\n<style>\n#section_716572930 {\n  padding-top: 60px;\n  padding-bottom: 60px;\n  background-color: rgb(255, 123, 84);\n}\n#section_716572930 .section-bg-overlay {\n  background-color: rgba(255, 123, 84, 0.756);\n}\n#section_716572930 .section-bg img {\n  object-position: 30% 100%;\n}\n<\/style>\n\t<\/section>\n\t\n\n\t<section class=\"section\" id=\"section_1603512256\">\n\t\t<div class=\"section-bg fill\" >\n\t\t\t<img loading=\"lazy\" decoding=\"async\" width=\"2000\" height=\"1333\" src=\"https:\/\/www.educazionedigitale.it\/passepartout\/wp-content\/uploads\/2025\/12\/2149357730.jpg\" class=\"bg attachment- size-\" alt=\"\" \/>\t\t\t\t\t\t<div class=\"section-bg-overlay absolute fill\"><\/div>\n\t\t\t\n\n\t\t<\/div>\n\n\t\t\n\n\t\t<div class=\"section-content relative\">\n\t\t\t\n<div class=\"row align-equal align-center\"  id=\"row-22751731\">\n\n\t<div id=\"col-1724418473\" class=\"col small-12 large-12\"  >\n\t\t\t\t<div class=\"col-inner\" style=\"background-color:rgb(255,255,255);\" >\n\t\t\t\n\t\t\t\n\t<div id=\"text-3828980929\" class=\"text\">\n\t\t\n<h1 style=\"font-size: 30px; margin-bottom: 0px;  color: #000 !important; text-transform: none;\">Il concorso creativo<\/h1>\n\t\t\n<style>\n#text-3828980929 {\n  text-align: center;\n}\n<\/style>\n\t<\/div>\n\t\n\t\t<\/div>\n\t\t\t\t\n<style>\n#col-1724418473 > .col-inner {\n  padding: 20px 20px 20px 20px;\n  margin: -90px 0px 30px 0px;\n  border-radius: 100px;\n}\n<\/style>\n\t<\/div>\n\n\t\n\n\t<div id=\"col-1741720974\" class=\"col small-12 large-12\"  >\n\t\t\t\t<div class=\"col-inner\" style=\"background-color:rgb(255,255,255);\" >\n\t\t\t\n\t\t\t\n<div class=\"row align-middle align-center\"  id=\"row-1213142249\">\n\n\t<div id=\"col-981700299\" class=\"col medium-4 small-12 large-4\"  >\n\t\t\t\t<div class=\"col-inner\"  >\n\t\t\t\n\t\t\t\n\t<div class=\"box has-hover   has-hover box-none box-text-bottom\" >\n\n\t\t<div class=\"box-image\" style=\"border-radius:10%;\">\n\t\t\t\t\t\t<div class=\"image-cover\" style=\"padding-top:100%;\">\n\t\t\t\t<img loading=\"lazy\" decoding=\"async\" width=\"738\" height=\"315\" src=\"https:\/\/www.educazionedigitale.it\/passepartout\/wp-content\/uploads\/2025\/12\/imgconcorso.png\" class=\"attachment- size-\" alt=\"\" \/>\t\t\t\t\t\t\t\t\t\t\t<\/div>\n\t\t\t\t\t<\/div>\n\n\t\t<div class=\"box-text text-center\" >\n\t\t\t<div class=\"box-text-inner\">\n\t\t\t\t\n<h4>A title<\/h4>\n<p>Image Box text<\/p>\n\t\t\t<\/div>\n\t\t<\/div>\n\t<\/div>\n\t\n\t\t<\/div>\n\t\t\t\t\n<style>\n#col-981700299 > .col-inner {\n  margin: 0px 0px 0px -40px;\n}\n<\/style>\n\t<\/div>\n\n\t\n\n\t<div id=\"col-149121289\" class=\"col medium-8 small-12 large-8\"  >\n\t\t\t\t<div class=\"col-inner text-center\"  >\n\t\t\t\n\t\t\t\n\t<div id=\"text-1903816425\" class=\"text\">\n\t\t\n<h2 style=\"font-size: 23px; margin-bottom: 10px;  color: #000 !important; text-transform: none;\">Il percorso offre<br \/> agli studenti delle scuole secondarie di II grado<br \/> la possibilit\u00e0 di partecipare<br \/> al concorso creativo.<\/p>\n\t\t\n<style>\n#text-1903816425 {\n  text-align: center;\n}\n<\/style>\n\t<\/div>\n\t\n\t<div id=\"gap-909075748\" class=\"gap-element clearfix\" style=\"display:block; height:auto;\">\n\t\t\n<style>\n#gap-909075748 {\n  padding-top: 20px;\n}\n<\/style>\n\t<\/div>\n\t\n<a href=\"https:\/\/www.educazionedigitale.it\/passepartout\/concorso\/\" class=\"button primary is-xlarge reveal-icon custom-green hide-for-medium\" style=\"border-radius:99px;\">\n\t\t<span>Iscrivi le tue classi<\/span>\n\t<i class=\"icon-plus\" aria-hidden=\"true\"><\/i><\/a>\n\n<a href=\"https:\/\/www.educazionedigitale.it\/passepartout\/concorso\/\" class=\"button primary is-larger reveal-icon custom-green show-for-medium\" style=\"border-radius:99px;\">\n\t\t<span>Iscrivi le tue classi<\/span>\n\t<i class=\"icon-plus\" aria-hidden=\"true\"><\/i><\/a>\n\n\t\t<\/div>\n\t\t\t\t\t<\/div>\n\n\t\n<\/div>\n\t\t<\/div>\n\t\t\t\t\n<style>\n#col-1741720974 > .col-inner {\n  padding: 20px 20px 0px 20px;\n  border-radius: 20px;\n}\n<\/style>\n\t<\/div>\n\n\t\n<\/div>\n\t\t<\/div>\n\n\t\t\n<style>\n#section_1603512256 {\n  padding-top: 60px;\n  padding-bottom: 60px;\n  background-color: rgb(95, 111, 255);\n}\n#section_1603512256 .section-bg-overlay {\n  background-color: rgba(95, 111, 255, 0.762);\n}\n#section_1603512256 .section-bg img {\n  object-position: 30% 100%;\n}\n<\/style>\n\t<\/section>\n\t\n","protected":false},"excerpt":{"rendered":"","protected":false},"author":28,"featured_media":0,"parent":0,"menu_order":0,"comment_status":"closed","ping_status":"closed","template":"page-blank.php","meta":{"_monsterinsights_skip_tracking":false,"footnotes":"","_members_access_role":[],"_members_access_error":""},"class_list":["post-6369","page","type-page","status-publish","hentry"],"_links":{"self":[{"href":"https:\/\/www.educazionedigitale.it\/passepartout\/wp-json\/wp\/v2\/pages\/6369","targetHints":{"allow":["GET"]}}],"collection":[{"href":"https:\/\/www.educazionedigitale.it\/passepartout\/wp-json\/wp\/v2\/pages"}],"about":[{"href":"https:\/\/www.educazionedigitale.it\/passepartout\/wp-json\/wp\/v2\/types\/page"}],"author":[{"embeddable":true,"href":"https:\/\/www.educazionedigitale.it\/passepartout\/wp-json\/wp\/v2\/users\/28"}],"replies":[{"embeddable":true,"href":"https:\/\/www.educazionedigitale.it\/passepartout\/wp-json\/wp\/v2\/comments?post=6369"}],"version-history":[{"count":3,"href":"https:\/\/www.educazionedigitale.it\/passepartout\/wp-json\/wp\/v2\/pages\/6369\/revisions"}],"predecessor-version":[{"id":6885,"href":"https:\/\/www.educazionedigitale.it\/passepartout\/wp-json\/wp\/v2\/pages\/6369\/revisions\/6885"}],"wp:attachment":[{"href":"https:\/\/www.educazionedigitale.it\/passepartout\/wp-json\/wp\/v2\/media?parent=6369"}],"curies":[{"name":"wp","href":"https:\/\/api.w.org\/{rel}","templated":true}]}}